{"id":538,"date":"2022-08-24T19:42:14","date_gmt":"2022-08-24T18:42:14","guid":{"rendered":"http:\/\/scoutsmarins.ca\/?page_id=538"},"modified":"2026-02-25T22:32:18","modified_gmt":"2026-02-25T21:32:18","slug":"administrateurs","status":"publish","type":"page","link":"https:\/\/scoutsmarins.ca\/index.php\/administrateurs\/","title":{"rendered":"Administrateurs"},"content":{"rendered":"\n<div class=\"wp-block-group\"><div class=\"wp-block-group__inner-container is-layout-constrained wp-block-group-is-layout-constrained\">\n<h4 class=\"wp-block-heading has-text-align-right has-medium-font-size\"><strong>Federico Kell &#8211; pr\u00e9sident<\/strong><\/h4>\n\n\n<div class=\"wp-block-image\">\n<figure class=\"alignleft size-large is-resized\"><img loading=\"lazy\" decoding=\"async\" width=\"825\" height=\"1024\" src=\"https:\/\/scoutsmarins.ca\/wp-content\/uploads\/2025\/07\/7fb42dc8-95fd-4079-a404-12e55f5a3cf7-1-825x1024.jpg\" alt=\"\" class=\"wp-image-1718\" style=\"aspect-ratio:0.8056883086606831;width:219px;height:auto\" srcset=\"https:\/\/scoutsmarins.ca\/wp-content\/uploads\/2025\/07\/7fb42dc8-95fd-4079-a404-12e55f5a3cf7-1-825x1024.jpg 825w, https:\/\/scoutsmarins.ca\/wp-content\/uploads\/2025\/07\/7fb42dc8-95fd-4079-a404-12e55f5a3cf7-1-242x300.jpg 242w, https:\/\/scoutsmarins.ca\/wp-content\/uploads\/2025\/07\/7fb42dc8-95fd-4079-a404-12e55f5a3cf7-1-768x954.jpg 768w, https:\/\/scoutsmarins.ca\/wp-content\/uploads\/2025\/07\/7fb42dc8-95fd-4079-a404-12e55f5a3cf7-1.jpg 1233w\" sizes=\"auto, (max-width: 825px) 100vw, 825px\" \/><\/figure>\n<\/div>\n\n\n<p>Marin de profession, Federico est officier de pont de quart chez Groupe CSL depuis septembre 2019. Il se sp\u00e9cialise dans les navires vraquier sur le bassin des Grands Lacs.<\/p>\n\n\n\n<p>Ayant fait partie de la 188<sup>e<\/sup> Troupe marine Trident et Oc\u00e9anide de Montr\u00e9al Nord de 2006 \u00e0 2010, en tant qu\u2019Aventurier et 3<sup>e<\/sup> de patrouille, il a d\u00e9velopp\u00e9 sa curiosit\u00e9 pour la navigation lors des sorties en voilier avec les Scouts Marin du Grand Montr\u00e9al. Cette curiosit\u00e9 devint par la suite l\u2019inspiration pour son choix de carri\u00e8re dans la marine marchande.<\/p>\n\n\n\n<p>Dans les ann\u00e9es qui ont suivi, il a surtout consacr\u00e9 son temps \u00e0 ses \u00e9tudes et \u00e0 sa carri\u00e8re. En participant, occasionnellement, \u00e0 certaines activit\u00e9s scoutes. Cependant, d\u00e8s 2025, il a commenc\u00e9 \u00e0 s\u2019impliquer plus activement chez les Scouts Marins du Grand Montr\u00e9al. En f\u00e9vrier, Federico a donn\u00e9 une conf\u00e9rence sur la rel\u00e8ve dans l\u2019industrie maritime \u00e0 l\u2019occasion du Salon du bateau de Montr\u00e9al. Le mois suivant, il a \u00e9t\u00e9 \u00e9lu comme membre du Conseil d\u2019Administration o\u00f9 il a accept\u00e9 le poste de Vice-pr\u00e9sident. C\u2019est le 9 juin 2025 qu\u2019il acc\u00e8de \u00e0 la pr\u00e9sidence.<\/p>\n<\/div><\/div>\n\n\n\n<div class=\"wp-block-group\"><div class=\"wp-block-group__inner-container is-layout-constrained wp-block-group-is-layout-constrained\">\n<h4 class=\"wp-block-heading has-text-align-right has-medium-font-size\"><strong>Tristan Boudreau &#8211; vice-pr\u00e9sident&nbsp;<\/strong><\/h4>\n\n\n<div class=\"wp-block-image\">\n<figure class=\"alignleft is-resized\"><img loading=\"lazy\" decoding=\"async\" width=\"395\" height=\"582\" src=\"https:\/\/scoutsmarins.ca\/wp-content\/uploads\/2025\/01\/Tristan-au-quai.png\" alt=\"\" class=\"wp-image-1523\" style=\"aspect-ratio:0.6787129987129987;width:223px;height:auto\" srcset=\"https:\/\/scoutsmarins.ca\/wp-content\/uploads\/2025\/01\/Tristan-au-quai.png 395w, https:\/\/scoutsmarins.ca\/wp-content\/uploads\/2025\/01\/Tristan-au-quai-204x300.png 204w\" sizes=\"auto, (max-width: 395px) 100vw, 395px\" \/><\/figure>\n<\/div>\n\n\n<p>Enseignant de formation, Tristan s\u2019implique dans le scoutisme en Mont\u00e9r\u00e9gie depuis 15 ans. Passionn\u00e9 de navigation et d\u2019enseignement, il rejoint les Scouts marins en 2018 ou il devient administrateur et instructeur de navigation de plaisance, puis pr\u00e9sident en 2021. Tristan d\u00e9tient plusieurs brevets de navigation dont celui d\u2019instructeur de voile croisi\u00e8re \u00e9l\u00e9mentaire de Voile Canada. La formation d\u2019une rel\u00e8ve allum\u00e9e et respectueuse de l\u2019environnement lui tient particuli\u00e8rement \u00e0 c\u0153ur.<\/p>\n<\/p>\n<\/div><\/div>\n\n\n\n<p class=\"has-text-align-right has-medium-font-size\"><strong>Isabelle Gervais&nbsp;&#8211;&nbsp;secr\u00e9taire<\/strong><\/p>\n\n\n<div class=\"wp-block-image\">\n<figure class=\"alignleft size-full is-resized\"><img loading=\"lazy\" decoding=\"async\" width=\"372\" height=\"498\" src=\"https:\/\/scoutsmarins.ca\/wp-content\/uploads\/2025\/07\/isa.png\" alt=\"\" class=\"wp-image-1717\" style=\"aspect-ratio:0.7470031545741325;width:224px;height:auto\" srcset=\"https:\/\/scoutsmarins.ca\/wp-content\/uploads\/2025\/07\/isa.png 372w, https:\/\/scoutsmarins.ca\/wp-content\/uploads\/2025\/07\/isa-224x300.png 224w\" sizes=\"auto, (max-width: 372px) 100vw, 372px\" \/><\/figure>\n<\/div>\n\n\n<p>Isabelle Gervais est une gestionnaire chevronn\u00e9e avec plus de 15 ans d&rsquo;exp\u00e9rience en gestion de projets et en transformation organisationnelle. Titulaire d&rsquo;un MBA de HEC Montr\u00e9al, elle a men\u00e9 des projets complexes au Canada comme \u00e0 l&rsquo;international, g\u00e9rant des initiatives d\u2019envergure. Reconnaissante pour son expertise en planification strat\u00e9gique et en gestion du changement, Isabelle orchestre des \u00e9quipes pluridisciplinaires et veille au respect des objectifs. Elle contribue au grand projet de ville intelligente d\u00e9ploy\u00e9 \u00e0 Montr\u00e9al en lien avec des initiatives de mobilit\u00e9 durable avec les transports collectifs et le d\u00e9veloppement d&rsquo;options partag\u00e9es, pour r\u00e9duire les \u00e9missions et am\u00e9liorer l&rsquo;exp\u00e9rience des usagers. <\/p>\n\n\n\n<p>Son engagement communautaire refl\u00e8te sa passion pour le mentorat et le d\u00e9veloppement des talents. En tant qu&rsquo;administratrice des Scouts Marins du Grand Montr\u00e9al, Isabelle apporte son expertise en gestion et en optimisation des processus, aidant l&rsquo;organisation \u00e0 atteindre ses objectifs et \u00e0 inspirer de jeunes leaders. <\/p>\n\n\n\n<p>Passionn\u00e9e par la voile, elle y trouve une source constante d&rsquo;apprentissage et d&rsquo;inspiration. Ce sport incarne des valeurs telles que le travail d&rsquo;\u00e9quipe, l\u2019entraide et la connexion avec la nature, qu&rsquo;elle applique \u00e9galement dans ses initiatives professionnelles et b\u00e9n\u00e9voles. Isabelle est reconnue pour son approche collaborative et pragmatique, et pour sa capacit\u00e9 \u00e0 f\u00e9d\u00e9rer et motiver autour de projets significatifs.<\/p>\n\n\n\n<div class=\"wp-block-group\"><div class=\"wp-block-group__inner-container is-layout-constrained wp-block-group-is-layout-constrained\">\n<h4 class=\"wp-block-heading has-text-align-right has-medium-font-size\"><strong>Manon Nadeau-Beaulieu &#8211; tr\u00e9sori\u00e8re<\/strong><\/h4>\n\n\n<div class=\"wp-block-image\">\n<figure class=\"alignleft size-full is-resized\"><img loading=\"lazy\" decoding=\"async\" width=\"768\" height=\"1024\" src=\"https:\/\/scoutsmarins.ca\/wp-content\/uploads\/2026\/02\/3C681191-4725-46B0-A57E-75DECFD37677_1_105_c.jpeg\" alt=\"\" class=\"wp-image-1785\" style=\"aspect-ratio:0.7500141876170479;width:226px;height:auto\" srcset=\"https:\/\/scoutsmarins.ca\/wp-content\/uploads\/2026\/02\/3C681191-4725-46B0-A57E-75DECFD37677_1_105_c.jpeg 768w, https:\/\/scoutsmarins.ca\/wp-content\/uploads\/2026\/02\/3C681191-4725-46B0-A57E-75DECFD37677_1_105_c-225x300.jpeg 225w\" sizes=\"auto, (max-width: 768px) 100vw, 768px\" \/><\/figure>\n<\/div><\/div><\/div>\n\n\n\n<div class=\"wp-block-group\"><div class=\"wp-block-group__inner-container is-layout-constrained wp-block-group-is-layout-constrained\">\n<p>Comptable professionnelle agr\u00e9\u00e9e (CPA), Manon met son expertise financi\u00e8re au service des organisations dans lesquelles elle s\u2019implique, contribuant \u00e0 une gestion rigoureuse, transparente et durable des ressources, afin de soutenir concr\u00e8tement la mission \u00e9ducative et le d\u00e9veloppement des jeunes au sein du mouvement scout.<\/p>\n\n\n\n<p>Anim\u00e9e par une profonde passion pour le scoutisme, Manon se consacre depuis plus de deux d\u00e9cennies au d\u00e9veloppement des jeunes par l\u2019aventure, l\u2019autonomie et l\u2019engagement. Elle apporte \u00e0 sa communaut\u00e9 scoute un leadership mobilisateur, une grande cr\u00e9ativit\u00e9 et une solide structure organisationnelle.<\/p>\n\n\n\n<p>Au fil des ann\u00e9es, elle a contribu\u00e9 activement au partage des valeurs du scoutisme, notamment \u00e0 titre de cheffe de groupe, animatrice, membre de conseils d\u2019administration et organisatrice d\u2019\u00e9v\u00e9nements majeurs. Elle a \u00e9galement \u00e9t\u00e9 cheffe d\u2019unit\u00e9 lors du 25e Jamboree scout mondial en Cor\u00e9e du Sud en 2023 et est actuellement impliqu\u00e9e comme cheffe adjointe du contingent canadien pour le prochain jamboree mondial qui se tiendra en Pologne en 2027.&nbsp;<\/p>\n\n\n\n<p>En 2024, Manon a collabor\u00e9 avec les Scouts marins afin d\u2019initier les jeunes du poste 25e St-Alexandre, en Outaouais, aux plaisirs de la voile. \u00c0 la suite de cette exp\u00e9rience enrichissante, elle a choisi de s\u2019impliquer davantage au sein des Scouts marins, d\u2019abord en se joignant au comit\u00e9 de v\u00e9rification et de financement, puis en acceptant le r\u00f4le de tr\u00e9sori\u00e8re.<\/p>\n\n\n\n<h4 class=\"wp-block-heading has-text-align-right has-medium-font-size\"><strong>Fran\u00e7ois Lamarche &#8211; administrateur<\/strong><\/h4>\n\n\n<div class=\"wp-block-image\">\n<figure class=\"alignleft size-full is-resized\"><img loading=\"lazy\" decoding=\"async\" width=\"499\" height=\"494\" src=\"https:\/\/scoutsmarins.ca\/wp-content\/uploads\/2026\/02\/Photo-F-Lamarche.jpg\" alt=\"\" class=\"wp-image-1790\" style=\"aspect-ratio:1.0101225359616408;width:206px;height:auto\" srcset=\"https:\/\/scoutsmarins.ca\/wp-content\/uploads\/2026\/02\/Photo-F-Lamarche.jpg 499w, https:\/\/scoutsmarins.ca\/wp-content\/uploads\/2026\/02\/Photo-F-Lamarche-300x297.jpg 300w\" sizes=\"auto, (max-width: 499px) 100vw, 499px\" \/><\/figure>\n<\/div>\n\n\n<p class=\"has-text-align-left\">Dans le mouvement scout durant son enfance, puis animateur louveteau dans les ann\u00e9es \u201990, passionn\u00e9 de voile depuis son adolescence, il rejoint les Scouts marins en 2025 \u00e0 titre d&rsquo;instructeur b\u00e9n\u00e9vole, puis administrateur en 2026. Fran\u00e7ois est ing\u00e9nieur de formation et d\u00e9tient plusieurs brevets de navigation dont celui d\u2019instructeur d\u2019initiation \u00e0 la voile croisi\u00e8re de Voile Canada. Il est \u00e9galement aviseur technique en \u00e9lectricit\u00e9 marine de l\u2019ABYC. Son implication est une fa\u00e7on de partager et de faire b\u00e9n\u00e9ficier sa passion aux Scouts marins.<\/p>\n<\/div><\/div>\n\n\n\n<div class=\"wp-block-group\"><div class=\"wp-block-group__inner-container is-layout-constrained wp-block-group-is-layout-constrained\">\n<h4 class=\"wp-block-heading has-text-align-right has-medium-font-size\"><strong>Nicolas Cadieux &#8211; administrateur <\/strong><\/h4>\n\n\n<div class=\"wp-block-image is-resized\">\n<figure class=\"alignleft\"><img loading=\"lazy\" decoding=\"async\" width=\"768\" height=\"1024\" src=\"http:\/\/scoutsmarins.ca\/wp-content\/uploads\/2023\/12\/Nicolas-768x1024.jpg\" alt=\"\" class=\"wp-image-1061\" style=\"aspect-ratio:0.7500288650271332;width:221px;height:auto\" srcset=\"https:\/\/scoutsmarins.ca\/wp-content\/uploads\/2023\/12\/Nicolas-768x1024.jpg 768w, https:\/\/scoutsmarins.ca\/wp-content\/uploads\/2023\/12\/Nicolas-225x300.jpg 225w, https:\/\/scoutsmarins.ca\/wp-content\/uploads\/2023\/12\/Nicolas.jpg 960w\" sizes=\"auto, (max-width: 768px) 100vw, 768px\" \/><\/figure>\n<\/div>\n\n\n<p>Nicolas Cadieux (\u00c9lan Chercheur) est arch\u00e9ologue sp\u00e9cialis\u00e9 en g\u00e9omatique, cartographie et t\u00e9l\u00e9d\u00e9tection et il poursuit un doctorat au sein du McGill Applied Remote Sensing Lab (ARSL). Scout depuis l\u2019\u00e2ge de 8 ans et marin d\u2019eau douce depuis au moins autant de temps, il a fait son parcours scout des Louveteaux jusqu\u2019aux Routiers dans la r\u00e9gion d\u2019Ottawa et a d\u00e9couvert le scoutisme marin aux Pionniers lors d&rsquo;exp\u00e9ditions de canot-camping. C&rsquo;est \u00e0 cette \u00e9poque qu&rsquo;il r\u00e9ussit \u00e0 convaincre son poste Nukar de faire un voyage entre Ottawa et Montr\u00e9al \u00e0 bord de l\u2019Endurance, une reproduction historique d\u2019un bateau Durham, dont il est plus tard devenu l&rsquo;un des capitaines. Depuis 2015, il est animateur pionnier avec le 1er poste Ph\u00e9nix du groupe Saint-Jean-Berchmans \u00e0 Rosemont. Nicolas est tr\u00e8s engag\u00e9 avec les Scouts marins du Grand Montr\u00e9al depuis 2022, \u00e0 la fois \u00e0 titre d&rsquo;instructeur et administrateur.<\/p>\n<\/div><\/div>\n\n\n\n<div class=\"wp-block-group\"><div class=\"wp-block-group__inner-container is-layout-constrained wp-block-group-is-layout-constrained\">\n<p class=\"has-text-align-right has-medium-font-size\" style=\"font-style:normal;font-weight:500\"><strong>Christine Ferland &#8211; <\/strong>administratrice<\/p>\n\n\n<div class=\"wp-block-image\">\n<figure class=\"alignleft size-medium\"><img loading=\"lazy\" decoding=\"async\" width=\"225\" height=\"300\" src=\"https:\/\/scoutsmarins.ca\/wp-content\/uploads\/2025\/06\/491024300_665149539585490_960016959176699310_n-225x300.jpg\" alt=\"\" class=\"wp-image-1691\" srcset=\"https:\/\/scoutsmarins.ca\/wp-content\/uploads\/2025\/06\/491024300_665149539585490_960016959176699310_n-225x300.jpg 225w, https:\/\/scoutsmarins.ca\/wp-content\/uploads\/2025\/06\/491024300_665149539585490_960016959176699310_n-768x1024.jpg 768w, https:\/\/scoutsmarins.ca\/wp-content\/uploads\/2025\/06\/491024300_665149539585490_960016959176699310_n-1152x1536.jpg 1152w, https:\/\/scoutsmarins.ca\/wp-content\/uploads\/2025\/06\/491024300_665149539585490_960016959176699310_n.jpg 1536w\" sizes=\"auto, (max-width: 225px) 100vw, 225px\" \/><\/figure>\n<\/div>\n\n\n<p>Scoute depuis l\u2019\u00e2ge de 10 ans, Christine Ferland (Cygne accueillant) a poursuivi son parcours jeune vers celui de chef. Elle a occup\u00e9 divers postes de responsabilit\u00e9 au sein des ma\u00eetrises de diff\u00e9rentes colonies, meutes et troupes. Sa passion pour l\u2019eau l\u2019am\u00e8ne \u00e0 poursuivre ses \u00e9tudes \u00e0 l\u2019Institut maritime du Qu\u00e9bec. Apr\u00e8s quelques ann\u00e9es de travail, elle prend une pause de scoutisme pour fonder sa famille mais reste pr\u00e8s du mouvement en tant que b\u00e9n\u00e9vole. Esprit cr\u00e9atif, elle r\u00e9oriente aujourd\u2019hui sa carri\u00e8re vers la maroquinerie. On peut dire de Christine qu\u2019elle est polyvalente.<\/p>\n\n\n\n<p>Les excursions en kayak camping sur le Saguenay comme jeune et adulte dans le mouvement ainsi que ses voyages en voile l\u2019ont guid\u00e9e dans son d\u00e9sir de faire d\u00e9couvrir l\u2019eau et les voies navigables du Qu\u00e9bec \u00e0 la rel\u00e8ve. Christine est administratrice depuis 2025.<\/p>\n\n\n\n<h4 class=\"wp-block-heading has-text-align-right has-medium-font-size\"><strong>Thierry Labont\u00e9, dons mat\u00e9riels<\/strong><\/h4>\n\n\n\n<p><\/p>\n<\/div><\/div>\n","protected":false},"excerpt":{"rendered":"<p>Federico Kell &#8211; pr\u00e9sident Marin de profession, Federico est officier de pont de quart chez Groupe CSL depuis septembre 2019. Il se sp\u00e9cialise dans les navires vraquier sur le bassin des Grands Lacs. Ayant fait partie de la 188e Troupe marine Trident et Oc\u00e9anide de Montr\u00e9al Nord de 2006 \u00e0 2010, en tant qu\u2019Aventurier et&hellip;<\/p>\n","protected":false},"author":2,"featured_media":0,"parent":0,"menu_order":0,"comment_status":"closed","ping_status":"closed","template":"","meta":{"footnotes":""},"class_list":["post-538","page","type-page","status-publish","hentry"],"_links":{"self":[{"href":"https:\/\/scoutsmarins.ca\/index.php\/wp-json\/wp\/v2\/pages\/538","targetHints":{"allow":["GET"]}}],"collection":[{"href":"https:\/\/scoutsmarins.ca\/index.php\/wp-json\/wp\/v2\/pages"}],"about":[{"href":"https:\/\/scoutsmarins.ca\/index.php\/wp-json\/wp\/v2\/types\/page"}],"author":[{"embeddable":true,"href":"https:\/\/scoutsmarins.ca\/index.php\/wp-json\/wp\/v2\/users\/2"}],"replies":[{"embeddable":true,"href":"https:\/\/scoutsmarins.ca\/index.php\/wp-json\/wp\/v2\/comments?post=538"}],"version-history":[{"count":97,"href":"https:\/\/scoutsmarins.ca\/index.php\/wp-json\/wp\/v2\/pages\/538\/revisions"}],"predecessor-version":[{"id":1791,"href":"https:\/\/scoutsmarins.ca\/index.php\/wp-json\/wp\/v2\/pages\/538\/revisions\/1791"}],"wp:attachment":[{"href":"https:\/\/scoutsmarins.ca\/index.php\/wp-json\/wp\/v2\/media?parent=538"}],"curies":[{"name":"wp","href":"https:\/\/api.w.org\/{rel}","templated":true}]}}